{"id":10,"date":"2024-09-19T06:14:31","date_gmt":"2024-09-19T06:14:31","guid":{"rendered":"http:\/\/uusi.karajatalo.fi\/?page_id=10"},"modified":"2026-01-07T08:41:31","modified_gmt":"2026-01-07T08:41:31","slug":"etusivu","status":"publish","type":"page","link":"https:\/\/www.karajatalo.fi\/","title":{"rendered":"Etusivu"},"content":{"rendered":"\t\t<div data-elementor-type=\"wp-page\" data-elementor-id=\"10\" class=\"elementor elementor-10\">\n\t\t\t\t<div class=\"elementor-element elementor-element-da2b267 e-flex e-con-boxed e-con e-parent\" data-id=\"da2b267\" data-element_type=\"container\" data-e-type=\"container\">\n\t\t\t\t\t<div class=\"e-con-inner\">\n\t\t\t\t<div class=\"elementor-element elementor-element-60c406e elementor-widget elementor-widget-image\" data-id=\"60c406e\" data-element_type=\"widget\" data-e-type=\"widget\" data-widget_type=\"image.default\">\n\t\t\t\t<div class=\"elementor-widget-container\">\n\t\t\t\t\t\t\t\t\t\t\t\t\t\t\t\t<a href=\"http:\/\/uusi.karajatalo.fi\/\">\n\t\t\t\t\t\t\t<img fetchpriority=\"high\" decoding=\"async\" width=\"1024\" height=\"341\" src=\"https:\/\/www.karajatalo.fi\/wp-content\/uploads\/2024\/09\/karajatalo_logo-1-1024x341.png\" class=\"attachment-large size-large wp-image-46\" alt=\"\" srcset=\"https:\/\/www.karajatalo.fi\/wp-content\/uploads\/2024\/09\/karajatalo_logo-1-1024x341.png 1024w, https:\/\/www.karajatalo.fi\/wp-content\/uploads\/2024\/09\/karajatalo_logo-1-300x100.png 300w, https:\/\/www.karajatalo.fi\/wp-content\/uploads\/2024\/09\/karajatalo_logo-1-768x256.png 768w, https:\/\/www.karajatalo.fi\/wp-content\/uploads\/2024\/09\/karajatalo_logo-1.png 1200w\" sizes=\"(max-width: 1024px) 100vw, 1024px\" \/>\t\t\t\t\t\t\t\t<\/a>\n\t\t\t\t\t\t\t\t\t\t\t\t\t\t\t<\/div>\n\t\t\t\t<\/div>\n\t\t\t\t\t<\/div>\n\t\t\t\t<\/div>\n\t\t<div class=\"elementor-element elementor-element-7a4b7843 e-flex e-con-boxed e-con e-parent\" data-id=\"7a4b7843\" data-element_type=\"container\" data-e-type=\"container\" data-settings=\"{&quot;background_background&quot;:&quot;classic&quot;}\">\n\t\t\t\t\t<div class=\"e-con-inner\">\n\t\t<div class=\"elementor-element elementor-element-7479c163 e-con-full e-flex e-con e-child\" data-id=\"7479c163\" data-element_type=\"container\" data-e-type=\"container\">\n\t\t\t\t<div class=\"elementor-element elementor-element-9d44f40 elementor-widget elementor-widget-heading\" data-id=\"9d44f40\" data-element_type=\"widget\" data-e-type=\"widget\" data-widget_type=\"heading.default\">\n\t\t\t\t<div class=\"elementor-widget-container\">\n\t\t\t\t\t<h1 class=\"elementor-heading-title elementor-size-default\">Juhla-, tapahtuma- ja kokouspaikka el\u00e4m\u00e4si kaikkiin hetkiin<\/h1>\t\t\t\t<\/div>\n\t\t\t\t<\/div>\n\t\t\t\t<\/div>\n\t\t\t\t\t<\/div>\n\t\t\t\t<\/div>\n\t\t<div class=\"elementor-element elementor-element-31b4254 e-flex e-con-boxed e-con e-parent\" data-id=\"31b4254\" data-element_type=\"container\" data-e-type=\"container\" data-settings=\"{&quot;background_background&quot;:&quot;classic&quot;}\">\n\t\t\t\t\t<div class=\"e-con-inner\">\n\t\t\t\t\t<\/div>\n\t\t\t\t<\/div>\n\t\t<div class=\"elementor-element elementor-element-9898e97 e-flex e-con-boxed e-con e-parent\" data-id=\"9898e97\" data-element_type=\"container\" data-e-type=\"container\">\n\t\t\t\t\t<div class=\"e-con-inner\">\n\t\t<div class=\"elementor-element elementor-element-ed13b19 e-con-full e-flex e-con e-child\" data-id=\"ed13b19\" data-element_type=\"container\" data-e-type=\"container\">\n\t\t\t\t<div class=\"elementor-element elementor-element-16084a5 elementor-widget__width-initial elementor-widget elementor-widget-text-editor\" data-id=\"16084a5\" data-element_type=\"widget\" data-e-type=\"widget\" data-widget_type=\"text-editor.default\">\n\t\t\t\t<div class=\"elementor-widget-container\">\n\t\t\t\t\t\t\t\t\t<p><span class=\"OYPEnA font-feature-liga-off font-feature-clig-off font-feature-calt-off text-decoration-none text-strikethrough-none\">Tarjoamme sinulle ja yrityksellesi sopivia tiloja ja kokonaisuuksia juhliin ja tilaisuuksiin, jonne voitte itse j\u00e4rjest\u00e4\u00e4 haluamanne tarjoilut ja koristeet.<br \/>Halutessanne valmistamme juhlat ja tilaisuudet toiveidenne mukaan. Ammattitaitoinen pitopalvelumme hoitaa ruuat, tarjoilun sek\u00e4 tilojen koristelun puolestanne. <br \/><\/span><\/p>\t\t\t\t\t\t\t\t<\/div>\n\t\t\t\t<\/div>\n\t\t\t\t<\/div>\n\t\t\t\t\t<\/div>\n\t\t\t\t<\/div>\n\t\t<div class=\"elementor-element elementor-element-d28e8cb e-grid e-con-boxed e-con e-parent\" data-id=\"d28e8cb\" data-element_type=\"container\" data-e-type=\"container\">\n\t\t\t\t\t<div class=\"e-con-inner\">\n\t\t\t\t<div class=\"elementor-element elementor-element-d9fa43e elementor-widget elementor-widget-image\" data-id=\"d9fa43e\" data-element_type=\"widget\" data-e-type=\"widget\" data-widget_type=\"image.default\">\n\t\t\t\t<div class=\"elementor-widget-container\">\n\t\t\t\t\t\t\t\t\t\t\t\t\t\t\t<img decoding=\"async\" width=\"1024\" height=\"577\" src=\"https:\/\/www.karajatalo.fi\/wp-content\/uploads\/2024\/09\/karajatalo_alkuperainen-1024x577.jpg\" class=\"attachment-large size-large wp-image-113\" alt=\"\" srcset=\"https:\/\/www.karajatalo.fi\/wp-content\/uploads\/2024\/09\/karajatalo_alkuperainen-1024x577.jpg 1024w, https:\/\/www.karajatalo.fi\/wp-content\/uploads\/2024\/09\/karajatalo_alkuperainen-300x169.jpg 300w, https:\/\/www.karajatalo.fi\/wp-content\/uploads\/2024\/09\/karajatalo_alkuperainen-768x433.jpg 768w, https:\/\/www.karajatalo.fi\/wp-content\/uploads\/2024\/09\/karajatalo_alkuperainen.jpg 1500w\" sizes=\"(max-width: 1024px) 100vw, 1024px\" \/>\t\t\t\t\t\t\t\t\t\t\t\t\t\t\t<\/div>\n\t\t\t\t<\/div>\n\t\t<div class=\"elementor-element elementor-element-70ef78a5 e-con-full e-flex e-con e-child\" data-id=\"70ef78a5\" data-element_type=\"container\" data-e-type=\"container\">\n\t\t\t\t<div class=\"elementor-element elementor-element-55fdf4c elementor-widget elementor-widget-heading\" data-id=\"55fdf4c\" data-element_type=\"widget\" data-e-type=\"widget\" data-widget_type=\"heading.default\">\n\t\t\t\t<div class=\"elementor-widget-container\">\n\t\t\t\t\t<h2 class=\"elementor-heading-title elementor-size-default\">Historia<\/h2>\t\t\t\t<\/div>\n\t\t\t\t<\/div>\n\t\t\t\t<div class=\"elementor-element elementor-element-4e598589 elementor-widget__width-initial elementor-widget elementor-widget-text-editor\" data-id=\"4e598589\" data-element_type=\"widget\" data-e-type=\"widget\" data-widget_type=\"text-editor.default\">\n\t\t\t\t<div class=\"elementor-widget-container\">\n\t\t\t\t\t\t\t\t\t<p>Nokkalan tilan historia alkaa 1700-luvun lopulla. Tilan ja rakennusten el\u00e4m\u00e4\u00e4n mahtuu monia tarinoita ja tapahtumia.<\/p>\t\t\t\t\t\t\t\t<\/div>\n\t\t\t\t<\/div>\n\t\t\t\t<div class=\"elementor-element elementor-element-2ae092dc elementor-align-left elementor-widget elementor-widget-button\" data-id=\"2ae092dc\" data-element_type=\"widget\" data-e-type=\"widget\" data-widget_type=\"button.default\">\n\t\t\t\t<div class=\"elementor-widget-container\">\n\t\t\t\t\t\t\t\t\t<div class=\"elementor-button-wrapper\">\n\t\t\t\t\t<a class=\"elementor-button elementor-button-link elementor-size-lg elementor-animation-grow\" href=\"https:\/\/www.karajatalo.fi\/index.php\/historia\/\">\n\t\t\t\t\t\t<span class=\"elementor-button-content-wrapper\">\n\t\t\t\t\t\t\t\t\t<span class=\"elementor-button-text\">lue lis\u00e4\u00e4<\/span>\n\t\t\t\t\t<\/span>\n\t\t\t\t\t<\/a>\n\t\t\t\t<\/div>\n\t\t\t\t\t\t\t\t<\/div>\n\t\t\t\t<\/div>\n\t\t\t\t<\/div>\n\t\t\t\t\t<\/div>\n\t\t\t\t<\/div>\n\t\t<div class=\"elementor-element elementor-element-c794b70 e-grid elementor-hidden-mobile e-con-boxed e-con e-parent\" data-id=\"c794b70\" data-element_type=\"container\" data-e-type=\"container\">\n\t\t\t\t\t<div class=\"e-con-inner\">\n\t\t<div class=\"elementor-element elementor-element-1ea0420 e-con-full e-flex e-con e-child\" data-id=\"1ea0420\" data-element_type=\"container\" data-e-type=\"container\">\n\t\t\t\t<div class=\"elementor-element elementor-element-1132e25 elementor-widget elementor-widget-heading\" data-id=\"1132e25\" data-element_type=\"widget\" data-e-type=\"widget\" data-widget_type=\"heading.default\">\n\t\t\t\t<div class=\"elementor-widget-container\">\n\t\t\t\t\t<h2 class=\"elementor-heading-title elementor-size-default\">Tilat<\/h2>\t\t\t\t<\/div>\n\t\t\t\t<\/div>\n\t\t\t\t<div class=\"elementor-element elementor-element-eb4739d elementor-widget__width-initial elementor-widget elementor-widget-text-editor\" data-id=\"eb4739d\" data-element_type=\"widget\" data-e-type=\"widget\" data-widget_type=\"text-editor.default\">\n\t\t\t\t<div class=\"elementor-widget-container\">\n\t\t\t\t\t\t\t\t\t<p><span class=\"OYPEnA font-feature-liga-off font-feature-clig-off font-feature-calt-off text-decoration-none text-strikethrough-none\">Tutustu tarjolla oleviin tiloihimme. K\u00e4r\u00e4j\u00e4talon tupa, vanha navetta ja tunnelmallinen riihitupa tarjoaa ainutlaatuiset puitteet monenlaisille juhlille ja tapahtumille.<br \/><\/span><\/p>\t\t\t\t\t\t\t\t<\/div>\n\t\t\t\t<\/div>\n\t\t\t\t<div class=\"elementor-element elementor-element-8846a84 elementor-align-left elementor-widget elementor-widget-button\" data-id=\"8846a84\" data-element_type=\"widget\" data-e-type=\"widget\" data-widget_type=\"button.default\">\n\t\t\t\t<div class=\"elementor-widget-container\">\n\t\t\t\t\t\t\t\t\t<div class=\"elementor-button-wrapper\">\n\t\t\t\t\t<a class=\"elementor-button elementor-button-link elementor-size-lg elementor-animation-grow\" href=\"https:\/\/www.karajatalo.fi\/index.php\/tilat\/\">\n\t\t\t\t\t\t<span class=\"elementor-button-content-wrapper\">\n\t\t\t\t\t\t\t\t\t<span class=\"elementor-button-text\">lue lis\u00e4\u00e4<\/span>\n\t\t\t\t\t<\/span>\n\t\t\t\t\t<\/a>\n\t\t\t\t<\/div>\n\t\t\t\t\t\t\t\t<\/div>\n\t\t\t\t<\/div>\n\t\t\t\t<\/div>\n\t\t\t\t<div class=\"elementor-element elementor-element-bf18fa2 elementor-widget elementor-widget-image\" data-id=\"bf18fa2\" data-element_type=\"widget\" data-e-type=\"widget\" data-widget_type=\"image.default\">\n\t\t\t\t<div class=\"elementor-widget-container\">\n\t\t\t\t\t\t\t\t\t\t\t\t\t\t\t<img decoding=\"async\" width=\"1024\" height=\"575\" src=\"https:\/\/www.karajatalo.fi\/wp-content\/uploads\/2024\/09\/navetta_haakattaus-1-1024x575.jpg\" class=\"attachment-large size-large wp-image-111\" alt=\"\" srcset=\"https:\/\/www.karajatalo.fi\/wp-content\/uploads\/2024\/09\/navetta_haakattaus-1-1024x575.jpg 1024w, https:\/\/www.karajatalo.fi\/wp-content\/uploads\/2024\/09\/navetta_haakattaus-1-300x169.jpg 300w, https:\/\/www.karajatalo.fi\/wp-content\/uploads\/2024\/09\/navetta_haakattaus-1-768x432.jpg 768w, https:\/\/www.karajatalo.fi\/wp-content\/uploads\/2024\/09\/navetta_haakattaus-1.jpg 1500w\" sizes=\"(max-width: 1024px) 100vw, 1024px\" \/>\t\t\t\t\t\t\t\t\t\t\t\t\t\t\t<\/div>\n\t\t\t\t<\/div>\n\t\t\t\t\t<\/div>\n\t\t\t\t<\/div>\n\t\t<div class=\"elementor-element elementor-element-f630491 e-grid elementor-hidden-desktop elementor-hidden-tablet e-con-boxed e-con e-parent\" data-id=\"f630491\" data-element_type=\"container\" data-e-type=\"container\">\n\t\t\t\t\t<div class=\"e-con-inner\">\n\t\t\t\t<div class=\"elementor-element elementor-element-cd0449d elementor-widget elementor-widget-image\" data-id=\"cd0449d\" data-element_type=\"widget\" data-e-type=\"widget\" data-widget_type=\"image.default\">\n\t\t\t\t<div class=\"elementor-widget-container\">\n\t\t\t\t\t\t\t\t\t\t\t\t\t\t\t<img decoding=\"async\" width=\"1024\" height=\"575\" src=\"https:\/\/www.karajatalo.fi\/wp-content\/uploads\/2024\/09\/navetta_haakattaus-1-1024x575.jpg\" class=\"attachment-large size-large wp-image-111\" alt=\"\" srcset=\"https:\/\/www.karajatalo.fi\/wp-content\/uploads\/2024\/09\/navetta_haakattaus-1-1024x575.jpg 1024w, https:\/\/www.karajatalo.fi\/wp-content\/uploads\/2024\/09\/navetta_haakattaus-1-300x169.jpg 300w, https:\/\/www.karajatalo.fi\/wp-content\/uploads\/2024\/09\/navetta_haakattaus-1-768x432.jpg 768w, https:\/\/www.karajatalo.fi\/wp-content\/uploads\/2024\/09\/navetta_haakattaus-1.jpg 1500w\" sizes=\"(max-width: 1024px) 100vw, 1024px\" \/>\t\t\t\t\t\t\t\t\t\t\t\t\t\t\t<\/div>\n\t\t\t\t<\/div>\n\t\t<div class=\"elementor-element elementor-element-84f7789 e-con-full e-flex e-con e-child\" data-id=\"84f7789\" data-element_type=\"container\" data-e-type=\"container\">\n\t\t\t\t<div class=\"elementor-element elementor-element-1833eef elementor-widget elementor-widget-heading\" data-id=\"1833eef\" data-element_type=\"widget\" data-e-type=\"widget\" data-widget_type=\"heading.default\">\n\t\t\t\t<div class=\"elementor-widget-container\">\n\t\t\t\t\t<h2 class=\"elementor-heading-title elementor-size-default\">Tilat<\/h2>\t\t\t\t<\/div>\n\t\t\t\t<\/div>\n\t\t\t\t<div class=\"elementor-element elementor-element-3420d08 elementor-widget__width-initial elementor-widget elementor-widget-text-editor\" data-id=\"3420d08\" data-element_type=\"widget\" data-e-type=\"widget\" data-widget_type=\"text-editor.default\">\n\t\t\t\t<div class=\"elementor-widget-container\">\n\t\t\t\t\t\t\t\t\t<p><span class=\"OYPEnA font-feature-liga-off font-feature-clig-off font-feature-calt-off text-decoration-none text-strikethrough-none\">Tutustu tarjolla oleviin tiloihimme. K\u00e4r\u00e4j\u00e4talon tupa, vanha navetta ja tunnelmallinen riihitupa tarjoaa ainutlaatuiset puitteet monenlaisille juhlille ja tapahtumille.<\/span><\/p>\t\t\t\t\t\t\t\t<\/div>\n\t\t\t\t<\/div>\n\t\t\t\t<div class=\"elementor-element elementor-element-97bf84c elementor-align-left elementor-widget elementor-widget-button\" data-id=\"97bf84c\" data-element_type=\"widget\" data-e-type=\"widget\" data-widget_type=\"button.default\">\n\t\t\t\t<div class=\"elementor-widget-container\">\n\t\t\t\t\t\t\t\t\t<div class=\"elementor-button-wrapper\">\n\t\t\t\t\t<a class=\"elementor-button elementor-button-link elementor-size-lg elementor-animation-grow\" href=\"https:\/\/www.karajatalo.fi\/index.php\/tilat\/\">\n\t\t\t\t\t\t<span class=\"elementor-button-content-wrapper\">\n\t\t\t\t\t\t\t\t\t<span class=\"elementor-button-text\">lue lis\u00e4\u00e4<\/span>\n\t\t\t\t\t<\/span>\n\t\t\t\t\t<\/a>\n\t\t\t\t<\/div>\n\t\t\t\t\t\t\t\t<\/div>\n\t\t\t\t<\/div>\n\t\t\t\t<\/div>\n\t\t\t\t\t<\/div>\n\t\t\t\t<\/div>\n\t\t<div class=\"elementor-element elementor-element-37722f0 e-grid e-con-boxed e-con e-parent\" data-id=\"37722f0\" data-element_type=\"container\" data-e-type=\"container\">\n\t\t\t\t\t<div class=\"e-con-inner\">\n\t\t\t\t<div class=\"elementor-element elementor-element-128bcdb elementor-widget elementor-widget-image\" data-id=\"128bcdb\" data-element_type=\"widget\" data-e-type=\"widget\" data-widget_type=\"image.default\">\n\t\t\t\t<div class=\"elementor-widget-container\">\n\t\t\t\t\t\t\t\t\t\t\t\t\t\t\t<img loading=\"lazy\" decoding=\"async\" width=\"1024\" height=\"575\" src=\"https:\/\/www.karajatalo.fi\/wp-content\/uploads\/2024\/09\/karajatupa_kokous-1024x575.jpg\" class=\"attachment-large size-large wp-image-112\" alt=\"\" srcset=\"https:\/\/www.karajatalo.fi\/wp-content\/uploads\/2024\/09\/karajatupa_kokous-1024x575.jpg 1024w, https:\/\/www.karajatalo.fi\/wp-content\/uploads\/2024\/09\/karajatupa_kokous-300x169.jpg 300w, https:\/\/www.karajatalo.fi\/wp-content\/uploads\/2024\/09\/karajatupa_kokous-768x432.jpg 768w, https:\/\/www.karajatalo.fi\/wp-content\/uploads\/2024\/09\/karajatupa_kokous.jpg 1500w\" sizes=\"(max-width: 1024px) 100vw, 1024px\" \/>\t\t\t\t\t\t\t\t\t\t\t\t\t\t\t<\/div>\n\t\t\t\t<\/div>\n\t\t<div class=\"elementor-element elementor-element-0a58dc6 e-con-full e-flex e-con e-child\" data-id=\"0a58dc6\" data-element_type=\"container\" data-e-type=\"container\">\n\t\t\t\t<div class=\"elementor-element elementor-element-3ed55fc elementor-widget elementor-widget-heading\" data-id=\"3ed55fc\" data-element_type=\"widget\" data-e-type=\"widget\" data-widget_type=\"heading.default\">\n\t\t\t\t<div class=\"elementor-widget-container\">\n\t\t\t\t\t<h2 class=\"elementor-heading-title elementor-size-default\">Tilaisuudet<\/h2>\t\t\t\t<\/div>\n\t\t\t\t<\/div>\n\t\t\t\t<div class=\"elementor-element elementor-element-245c21a elementor-widget__width-initial elementor-widget elementor-widget-text-editor\" data-id=\"245c21a\" data-element_type=\"widget\" data-e-type=\"widget\" data-widget_type=\"text-editor.default\">\n\t\t\t\t<div class=\"elementor-widget-container\">\n\t\t\t\t\t\t\t\t\t<p class=\"cvGsUA direction-ltr align-start para-style-body\"><span class=\"OYPEnA font-feature-liga-off font-feature-clig-off font-feature-calt-off text-decoration-none text-strikethrough-none\">Oli kyseess\u00e4 perhejuhlat, h\u00e4\u00e4t, muistotilaisuus, kokous tai joku muu tapahtuma, Nokkalan K\u00e4r\u00e4j\u00e4talo tarjoaa historian havinaa huokuvat idylliset tilat n\u00e4iden j\u00e4rjest\u00e4miseen.<\/span><\/p>\t\t\t\t\t\t\t\t<\/div>\n\t\t\t\t<\/div>\n\t\t\t\t<div class=\"elementor-element elementor-element-c4eb766 elementor-align-left elementor-widget elementor-widget-button\" data-id=\"c4eb766\" data-element_type=\"widget\" data-e-type=\"widget\" data-widget_type=\"button.default\">\n\t\t\t\t<div class=\"elementor-widget-container\">\n\t\t\t\t\t\t\t\t\t<div class=\"elementor-button-wrapper\">\n\t\t\t\t\t<a class=\"elementor-button elementor-button-link elementor-size-lg elementor-animation-grow\" href=\"https:\/\/www.karajatalo.fi\/index.php\/tilaisuudet\/\">\n\t\t\t\t\t\t<span class=\"elementor-button-content-wrapper\">\n\t\t\t\t\t\t\t\t\t<span class=\"elementor-button-text\">lue lis\u00e4\u00e4<\/span>\n\t\t\t\t\t<\/span>\n\t\t\t\t\t<\/a>\n\t\t\t\t<\/div>\n\t\t\t\t\t\t\t\t<\/div>\n\t\t\t\t<\/div>\n\t\t\t\t<\/div>\n\t\t\t\t\t<\/div>\n\t\t\t\t<\/div>\n\t\t<div class=\"elementor-element elementor-element-a00d931 e-grid elementor-hidden-mobile e-con-boxed e-con e-parent\" data-id=\"a00d931\" data-element_type=\"container\" data-e-type=\"container\">\n\t\t\t\t\t<div class=\"e-con-inner\">\n\t\t<div class=\"elementor-element elementor-element-a57e7f6 e-con-full e-flex e-con e-child\" data-id=\"a57e7f6\" data-element_type=\"container\" data-e-type=\"container\">\n\t\t\t\t<div class=\"elementor-element elementor-element-70cebce elementor-widget elementor-widget-heading\" data-id=\"70cebce\" data-element_type=\"widget\" data-e-type=\"widget\" data-widget_type=\"heading.default\">\n\t\t\t\t<div class=\"elementor-widget-container\">\n\t\t\t\t\t<h2 class=\"elementor-heading-title elementor-size-default\">Hinnasto<\/h2>\t\t\t\t<\/div>\n\t\t\t\t<\/div>\n\t\t\t\t<div class=\"elementor-element elementor-element-338cb6f elementor-widget__width-initial elementor-widget elementor-widget-text-editor\" data-id=\"338cb6f\" data-element_type=\"widget\" data-e-type=\"widget\" data-widget_type=\"text-editor.default\">\n\t\t\t\t<div class=\"elementor-widget-container\">\n\t\t\t\t\t\t\t\t\t<p>T\u00e4\u00e4lt\u00e4 l\u00f6yd\u00e4t voimassa olevan hinnaston lis\u00e4tietoineen.<\/p>\t\t\t\t\t\t\t\t<\/div>\n\t\t\t\t<\/div>\n\t\t\t\t<div class=\"elementor-element elementor-element-d71ad3d elementor-align-left elementor-widget elementor-widget-button\" data-id=\"d71ad3d\" data-element_type=\"widget\" data-e-type=\"widget\" data-widget_type=\"button.default\">\n\t\t\t\t<div class=\"elementor-widget-container\">\n\t\t\t\t\t\t\t\t\t<div class=\"elementor-button-wrapper\">\n\t\t\t\t\t<a class=\"elementor-button elementor-button-link elementor-size-lg elementor-animation-grow\" href=\"https:\/\/www.karajatalo.fi\/index.php\/hinnasto\/\">\n\t\t\t\t\t\t<span class=\"elementor-button-content-wrapper\">\n\t\t\t\t\t\t\t\t\t<span class=\"elementor-button-text\">lue lis\u00e4\u00e4<\/span>\n\t\t\t\t\t<\/span>\n\t\t\t\t\t<\/a>\n\t\t\t\t<\/div>\n\t\t\t\t\t\t\t\t<\/div>\n\t\t\t\t<\/div>\n\t\t\t\t<\/div>\n\t\t\t\t<div class=\"elementor-element elementor-element-223c662 elementor-widget elementor-widget-image\" data-id=\"223c662\" data-element_type=\"widget\" data-e-type=\"widget\" data-widget_type=\"image.default\">\n\t\t\t\t<div class=\"elementor-widget-container\">\n\t\t\t\t\t\t\t\t\t\t\t\t\t\t\t<img loading=\"lazy\" decoding=\"async\" width=\"1024\" height=\"576\" src=\"https:\/\/www.karajatalo.fi\/wp-content\/uploads\/2024\/09\/kukkasomiste-1-1024x576.jpg\" class=\"attachment-large size-large wp-image-110\" alt=\"\" srcset=\"https:\/\/www.karajatalo.fi\/wp-content\/uploads\/2024\/09\/kukkasomiste-1-1024x576.jpg 1024w, https:\/\/www.karajatalo.fi\/wp-content\/uploads\/2024\/09\/kukkasomiste-1-300x169.jpg 300w, https:\/\/www.karajatalo.fi\/wp-content\/uploads\/2024\/09\/kukkasomiste-1-768x432.jpg 768w, https:\/\/www.karajatalo.fi\/wp-content\/uploads\/2024\/09\/kukkasomiste-1.jpg 1500w\" sizes=\"(max-width: 1024px) 100vw, 1024px\" \/>\t\t\t\t\t\t\t\t\t\t\t\t\t\t\t<\/div>\n\t\t\t\t<\/div>\n\t\t\t\t\t<\/div>\n\t\t\t\t<\/div>\n\t\t<div class=\"elementor-element elementor-element-2527b97 e-grid elementor-hidden-desktop elementor-hidden-tablet e-con-boxed e-con e-parent\" data-id=\"2527b97\" data-element_type=\"container\" data-e-type=\"container\">\n\t\t\t\t\t<div class=\"e-con-inner\">\n\t\t\t\t<div class=\"elementor-element elementor-element-0ddb30d elementor-widget elementor-widget-image\" data-id=\"0ddb30d\" data-element_type=\"widget\" data-e-type=\"widget\" data-widget_type=\"image.default\">\n\t\t\t\t<div class=\"elementor-widget-container\">\n\t\t\t\t\t\t\t\t\t\t\t\t\t\t\t<img loading=\"lazy\" decoding=\"async\" width=\"1024\" height=\"576\" src=\"https:\/\/www.karajatalo.fi\/wp-content\/uploads\/2024\/09\/kukkasomiste-1-1024x576.jpg\" class=\"attachment-large size-large wp-image-110\" alt=\"\" srcset=\"https:\/\/www.karajatalo.fi\/wp-content\/uploads\/2024\/09\/kukkasomiste-1-1024x576.jpg 1024w, https:\/\/www.karajatalo.fi\/wp-content\/uploads\/2024\/09\/kukkasomiste-1-300x169.jpg 300w, https:\/\/www.karajatalo.fi\/wp-content\/uploads\/2024\/09\/kukkasomiste-1-768x432.jpg 768w, https:\/\/www.karajatalo.fi\/wp-content\/uploads\/2024\/09\/kukkasomiste-1.jpg 1500w\" sizes=\"(max-width: 1024px) 100vw, 1024px\" \/>\t\t\t\t\t\t\t\t\t\t\t\t\t\t\t<\/div>\n\t\t\t\t<\/div>\n\t\t<div class=\"elementor-element elementor-element-4c6e514 e-con-full e-flex e-con e-child\" data-id=\"4c6e514\" data-element_type=\"container\" data-e-type=\"container\">\n\t\t\t\t<div class=\"elementor-element elementor-element-65491bf elementor-widget elementor-widget-heading\" data-id=\"65491bf\" data-element_type=\"widget\" data-e-type=\"widget\" data-widget_type=\"heading.default\">\n\t\t\t\t<div class=\"elementor-widget-container\">\n\t\t\t\t\t<h2 class=\"elementor-heading-title elementor-size-default\">Hinnasto<\/h2>\t\t\t\t<\/div>\n\t\t\t\t<\/div>\n\t\t\t\t<div class=\"elementor-element elementor-element-3ca1876 elementor-widget__width-initial elementor-widget elementor-widget-text-editor\" data-id=\"3ca1876\" data-element_type=\"widget\" data-e-type=\"widget\" data-widget_type=\"text-editor.default\">\n\t\t\t\t<div class=\"elementor-widget-container\">\n\t\t\t\t\t\t\t\t\t<p>T\u00e4\u00e4lt\u00e4 l\u00f6yd\u00e4t voimassa olevan hinnaston lis\u00e4tietoineen.<\/p>\t\t\t\t\t\t\t\t<\/div>\n\t\t\t\t<\/div>\n\t\t\t\t<div class=\"elementor-element elementor-element-d302b52 elementor-align-left elementor-widget elementor-widget-button\" data-id=\"d302b52\" data-element_type=\"widget\" data-e-type=\"widget\" data-widget_type=\"button.default\">\n\t\t\t\t<div class=\"elementor-widget-container\">\n\t\t\t\t\t\t\t\t\t<div class=\"elementor-button-wrapper\">\n\t\t\t\t\t<a class=\"elementor-button elementor-button-link elementor-size-lg elementor-animation-grow\" href=\"https:\/\/www.karajatalo.fi\/index.php\/hinnasto\/\">\n\t\t\t\t\t\t<span class=\"elementor-button-content-wrapper\">\n\t\t\t\t\t\t\t\t\t<span class=\"elementor-button-text\">lue lis\u00e4\u00e4<\/span>\n\t\t\t\t\t<\/span>\n\t\t\t\t\t<\/a>\n\t\t\t\t<\/div>\n\t\t\t\t\t\t\t\t<\/div>\n\t\t\t\t<\/div>\n\t\t\t\t<\/div>\n\t\t\t\t\t<\/div>\n\t\t\t\t<\/div>\n\t\t<div class=\"elementor-element elementor-element-7cf7c84 e-grid e-con-boxed e-con e-parent\" data-id=\"7cf7c84\" data-element_type=\"container\" data-e-type=\"container\">\n\t\t\t\t\t<div class=\"e-con-inner\">\n\t\t\t\t<div class=\"elementor-element elementor-element-e682f3b elementor-widget elementor-widget-image\" data-id=\"e682f3b\" data-element_type=\"widget\" data-e-type=\"widget\" data-widget_type=\"image.default\">\n\t\t\t\t<div class=\"elementor-widget-container\">\n\t\t\t\t\t\t\t\t\t\t\t\t\t\t\t<img loading=\"lazy\" decoding=\"async\" width=\"1024\" height=\"576\" src=\"https:\/\/www.karajatalo.fi\/wp-content\/uploads\/2024\/09\/karajatalo_kyltti_ulkona-1-1024x576.jpg\" class=\"attachment-large size-large wp-image-305\" alt=\"\" srcset=\"https:\/\/www.karajatalo.fi\/wp-content\/uploads\/2024\/09\/karajatalo_kyltti_ulkona-1-1024x576.jpg 1024w, https:\/\/www.karajatalo.fi\/wp-content\/uploads\/2024\/09\/karajatalo_kyltti_ulkona-1-300x169.jpg 300w, https:\/\/www.karajatalo.fi\/wp-content\/uploads\/2024\/09\/karajatalo_kyltti_ulkona-1-768x432.jpg 768w, https:\/\/www.karajatalo.fi\/wp-content\/uploads\/2024\/09\/karajatalo_kyltti_ulkona-1.jpg 1500w\" sizes=\"(max-width: 1024px) 100vw, 1024px\" \/>\t\t\t\t\t\t\t\t\t\t\t\t\t\t\t<\/div>\n\t\t\t\t<\/div>\n\t\t<div class=\"elementor-element elementor-element-c66553f e-con-full e-flex e-con e-child\" data-id=\"c66553f\" data-element_type=\"container\" data-e-type=\"container\">\n\t\t\t\t<div class=\"elementor-element elementor-element-6799137 elementor-widget elementor-widget-heading\" data-id=\"6799137\" data-element_type=\"widget\" data-e-type=\"widget\" data-widget_type=\"heading.default\">\n\t\t\t\t<div class=\"elementor-widget-container\">\n\t\t\t\t\t<h2 class=\"elementor-heading-title elementor-size-default\">Yhteystiedot<\/h2>\t\t\t\t<\/div>\n\t\t\t\t<\/div>\n\t\t\t\t<div class=\"elementor-element elementor-element-9ed20a7 elementor-widget__width-initial elementor-widget elementor-widget-text-editor\" data-id=\"9ed20a7\" data-element_type=\"widget\" data-e-type=\"widget\" data-widget_type=\"text-editor.default\">\n\t\t\t\t<div class=\"elementor-widget-container\">\n\t\t\t\t\t\t\t\t\t<p>Esittelemme paikkoja mielell\u00e4mme, jotta voit varmistua paikan ainutlaatuisuudesta ja sopivuudesta sinun tilaisuuteesi.<\/p>\t\t\t\t\t\t\t\t<\/div>\n\t\t\t\t<\/div>\n\t\t\t\t<div class=\"elementor-element elementor-element-79e1b23 elementor-align-left elementor-widget elementor-widget-button\" data-id=\"79e1b23\" data-element_type=\"widget\" data-e-type=\"widget\" data-widget_type=\"button.default\">\n\t\t\t\t<div class=\"elementor-widget-container\">\n\t\t\t\t\t\t\t\t\t<div class=\"elementor-button-wrapper\">\n\t\t\t\t\t<a class=\"elementor-button elementor-button-link elementor-size-lg elementor-animation-grow\" href=\"https:\/\/www.karajatalo.fi\/index.php\/yhteystiedot\/\">\n\t\t\t\t\t\t<span class=\"elementor-button-content-wrapper\">\n\t\t\t\t\t\t\t\t\t<span class=\"elementor-button-text\">lue lis\u00e4\u00e4<\/span>\n\t\t\t\t\t<\/span>\n\t\t\t\t\t<\/a>\n\t\t\t\t<\/div>\n\t\t\t\t\t\t\t\t<\/div>\n\t\t\t\t<\/div>\n\t\t\t\t<\/div>\n\t\t\t\t\t<\/div>\n\t\t\t\t<\/div>\n\t\t\t\t<\/div>\n\t\t","protected":false},"excerpt":{"rendered":"<p>Juhla-, tapahtuma- ja kokouspaikka el\u00e4m\u00e4si kaikkiin hetkiin Tarjoamme sinulle ja yrityksellesi sopivia tiloja ja kokonaisuuksia juhliin ja tilaisuuksiin, jonne voitte [&hellip;]<\/p>\n","protected":false},"author":1,"featured_media":0,"parent":0,"menu_order":0,"comment_status":"closed","ping_status":"closed","template":"","meta":{"site-sidebar-layout":"no-sidebar","site-content-layout":"","ast-site-content-layout":"full-width-container","site-content-style":"default","site-sidebar-style":"default","ast-global-header-display":"","ast-banner-title-visibility":"","ast-main-header-display":"","ast-hfb-above-header-display":"","ast-hfb-below-header-display":"","ast-hfb-mobile-header-display":"","site-post-title":"disabled","ast-breadcrumbs-content":"","ast-featured-img":"disabled","footer-sml-layout":"","ast-disable-related-posts":"","theme-transparent-header-meta":"","adv-header-id-meta":"","stick-header-meta":"","header-above-stick-meta":"","header-main-stick-meta":"","header-below-stick-meta":"","astra-migrate-meta-layouts":"default","ast-page-background-enabled":"default","ast-page-background-meta":{"desktop":{"background-color":"var(--ast-global-color-4)","background-image":"","background-repeat":"repeat","background-position":"center center","background-size":"auto","background-attachment":"scroll","background-type":"","background-media":"","overlay-type":"","overlay-color":"","overlay-opacity":"","overlay-gradient":""},"tablet":{"background-color":"","background-image":"","background-repeat":"repeat","background-position":"center center","background-size":"auto","background-attachment":"scroll","background-type":"","background-media":"","overlay-type":"","overlay-color":"","overlay-opacity":"","overlay-gradient":""},"mobile":{"background-color":"","background-image":"","background-repeat":"repeat","background-position":"center center","background-size":"auto","background-attachment":"scroll","background-type":"","background-media":"","overlay-type":"","overlay-color":"","overlay-opacity":"","overlay-gradient":""}},"ast-content-background-meta":{"desktop":{"background-color":"var(--ast-global-color-5)","background-image":"","background-repeat":"repeat","background-position":"center center","background-size":"auto","background-attachment":"scroll","background-type":"","background-media":"","overlay-type":"","overlay-color":"","overlay-opacity":"","overlay-gradient":""},"tablet":{"background-color":"var(--ast-global-color-5)","background-image":"","background-repeat":"repeat","background-position":"center center","background-size":"auto","background-attachment":"scroll","background-type":"","background-media":"","overlay-type":"","overlay-color":"","overlay-opacity":"","overlay-gradient":""},"mobile":{"background-color":"var(--ast-global-color-5)","background-image":"","background-repeat":"repeat","background-position":"center center","background-size":"auto","background-attachment":"scroll","background-type":"","background-media":"","overlay-type":"","overlay-color":"","overlay-opacity":"","overlay-gradient":""}},"footnotes":""},"class_list":["post-10","page","type-page","status-publish","hentry"],"yoast_head":"<!-- This site is optimized with the Yoast SEO plugin v27.3 - https:\/\/yoast.com\/product\/yoast-seo-wordpress\/ -->\n<title>K&auml;r&auml;j&auml;talo<\/title>\n<meta name=\"description\" content=\"Idyllinen historian havinaa huokuva juhla-, tapahtuma ja kokouspaikka Pieks\u00e4m\u00e4ell\u00e4 el\u00e4m\u00e4si kaikkiin hetkiin.\" \/>\n<meta name=\"robots\" content=\"index, follow, max-snippet:-1, max-image-preview:large, max-video-preview:-1\" \/>\n<link rel=\"canonical\" href=\"https:\/\/www.karajatalo.fi\/\" \/>\n<meta property=\"og:locale\" content=\"en_US\" \/>\n<meta property=\"og:type\" content=\"article\" \/>\n<meta property=\"og:title\" content=\"K&auml;r&auml;j&auml;talo\" \/>\n<meta property=\"og:description\" content=\"Idyllinen historian havinaa huokuva juhla-, tapahtuma ja kokouspaikka Pieks\u00e4m\u00e4ell\u00e4 el\u00e4m\u00e4si kaikkiin hetkiin.\" \/>\n<meta property=\"og:url\" content=\"https:\/\/www.karajatalo.fi\/\" \/>\n<meta property=\"article:modified_time\" content=\"2026-01-07T08:41:31+00:00\" \/>\n<meta property=\"og:image\" content=\"http:\/\/www.karajatalo.fi\/wp-content\/uploads\/2024\/09\/karajatalo_logo-1-1024x341.png\" \/>\n<meta name=\"twitter:card\" content=\"summary_large_image\" \/>\n<meta name=\"twitter:label1\" content=\"Est. reading time\" \/>\n\t<meta name=\"twitter:data1\" content=\"3 minutes\" \/>\n<script type=\"application\/ld+json\" class=\"yoast-schema-graph\">{\"@context\":\"https:\\\/\\\/schema.org\",\"@graph\":[{\"@type\":\"WebPage\",\"@id\":\"https:\\\/\\\/www.karajatalo.fi\\\/\",\"url\":\"https:\\\/\\\/www.karajatalo.fi\\\/\",\"name\":\"K&auml;r&auml;j&auml;talo\",\"isPartOf\":{\"@id\":\"https:\\\/\\\/www.karajatalo.fi\\\/#website\"},\"primaryImageOfPage\":{\"@id\":\"https:\\\/\\\/www.karajatalo.fi\\\/#primaryimage\"},\"image\":{\"@id\":\"https:\\\/\\\/www.karajatalo.fi\\\/#primaryimage\"},\"thumbnailUrl\":\"http:\\\/\\\/www.karajatalo.fi\\\/wp-content\\\/uploads\\\/2024\\\/09\\\/karajatalo_logo-1-1024x341.png\",\"datePublished\":\"2024-09-19T06:14:31+00:00\",\"dateModified\":\"2026-01-07T08:41:31+00:00\",\"description\":\"Idyllinen historian havinaa huokuva juhla-, tapahtuma ja kokouspaikka Pieks\u00e4m\u00e4ell\u00e4 el\u00e4m\u00e4si kaikkiin hetkiin.\",\"breadcrumb\":{\"@id\":\"https:\\\/\\\/www.karajatalo.fi\\\/#breadcrumb\"},\"inLanguage\":\"en\",\"potentialAction\":[{\"@type\":\"ReadAction\",\"target\":[\"https:\\\/\\\/www.karajatalo.fi\\\/\"]}]},{\"@type\":\"ImageObject\",\"inLanguage\":\"en\",\"@id\":\"https:\\\/\\\/www.karajatalo.fi\\\/#primaryimage\",\"url\":\"http:\\\/\\\/www.karajatalo.fi\\\/wp-content\\\/uploads\\\/2024\\\/09\\\/karajatalo_logo-1-1024x341.png\",\"contentUrl\":\"http:\\\/\\\/www.karajatalo.fi\\\/wp-content\\\/uploads\\\/2024\\\/09\\\/karajatalo_logo-1-1024x341.png\"},{\"@type\":\"BreadcrumbList\",\"@id\":\"https:\\\/\\\/www.karajatalo.fi\\\/#breadcrumb\",\"itemListElement\":[{\"@type\":\"ListItem\",\"position\":1,\"name\":\"Home\",\"item\":\"https:\\\/\\\/www.karajatalo.fi\\\/\"},{\"@type\":\"ListItem\",\"position\":2,\"name\":\"Etusivu\"}]},{\"@type\":\"WebSite\",\"@id\":\"https:\\\/\\\/www.karajatalo.fi\\\/#website\",\"url\":\"https:\\\/\\\/www.karajatalo.fi\\\/\",\"name\":\"K\u00e4r\u00e4j\u00e4talo\",\"description\":\"K&auml;r&auml;j&auml;talo\",\"publisher\":{\"@id\":\"https:\\\/\\\/www.karajatalo.fi\\\/#organization\"},\"potentialAction\":[{\"@type\":\"SearchAction\",\"target\":{\"@type\":\"EntryPoint\",\"urlTemplate\":\"https:\\\/\\\/www.karajatalo.fi\\\/?s={search_term_string}\"},\"query-input\":{\"@type\":\"PropertyValueSpecification\",\"valueRequired\":true,\"valueName\":\"search_term_string\"}}],\"inLanguage\":\"en\"},{\"@type\":\"Organization\",\"@id\":\"https:\\\/\\\/www.karajatalo.fi\\\/#organization\",\"name\":\"K\u00e4r\u00e4j\u00e4talo\",\"url\":\"https:\\\/\\\/www.karajatalo.fi\\\/\",\"logo\":{\"@type\":\"ImageObject\",\"inLanguage\":\"en\",\"@id\":\"https:\\\/\\\/www.karajatalo.fi\\\/#\\\/schema\\\/logo\\\/image\\\/\",\"url\":\"https:\\\/\\\/www.karajatalo.fi\\\/wp-content\\\/uploads\\\/2024\\\/09\\\/karajatalo_logo_beige.png\",\"contentUrl\":\"https:\\\/\\\/www.karajatalo.fi\\\/wp-content\\\/uploads\\\/2024\\\/09\\\/karajatalo_logo_beige.png\",\"width\":750,\"height\":250,\"caption\":\"K\u00e4r\u00e4j\u00e4talo\"},\"image\":{\"@id\":\"https:\\\/\\\/www.karajatalo.fi\\\/#\\\/schema\\\/logo\\\/image\\\/\"}}]}<\/script>\n<!-- \/ Yoast SEO plugin. -->","yoast_head_json":{"title":"K&auml;r&auml;j&auml;talo","description":"Idyllinen historian havinaa huokuva juhla-, tapahtuma ja kokouspaikka Pieks\u00e4m\u00e4ell\u00e4 el\u00e4m\u00e4si kaikkiin hetkiin.","robots":{"index":"index","follow":"follow","max-snippet":"max-snippet:-1","max-image-preview":"max-image-preview:large","max-video-preview":"max-video-preview:-1"},"canonical":"https:\/\/www.karajatalo.fi\/","og_locale":"en_US","og_type":"article","og_title":"K&auml;r&auml;j&auml;talo","og_description":"Idyllinen historian havinaa huokuva juhla-, tapahtuma ja kokouspaikka Pieks\u00e4m\u00e4ell\u00e4 el\u00e4m\u00e4si kaikkiin hetkiin.","og_url":"https:\/\/www.karajatalo.fi\/","article_modified_time":"2026-01-07T08:41:31+00:00","og_image":[{"url":"http:\/\/www.karajatalo.fi\/wp-content\/uploads\/2024\/09\/karajatalo_logo-1-1024x341.png","type":"","width":"","height":""}],"twitter_card":"summary_large_image","twitter_misc":{"Est. reading time":"3 minutes"},"schema":{"@context":"https:\/\/schema.org","@graph":[{"@type":"WebPage","@id":"https:\/\/www.karajatalo.fi\/","url":"https:\/\/www.karajatalo.fi\/","name":"K&auml;r&auml;j&auml;talo","isPartOf":{"@id":"https:\/\/www.karajatalo.fi\/#website"},"primaryImageOfPage":{"@id":"https:\/\/www.karajatalo.fi\/#primaryimage"},"image":{"@id":"https:\/\/www.karajatalo.fi\/#primaryimage"},"thumbnailUrl":"http:\/\/www.karajatalo.fi\/wp-content\/uploads\/2024\/09\/karajatalo_logo-1-1024x341.png","datePublished":"2024-09-19T06:14:31+00:00","dateModified":"2026-01-07T08:41:31+00:00","description":"Idyllinen historian havinaa huokuva juhla-, tapahtuma ja kokouspaikka Pieks\u00e4m\u00e4ell\u00e4 el\u00e4m\u00e4si kaikkiin hetkiin.","breadcrumb":{"@id":"https:\/\/www.karajatalo.fi\/#breadcrumb"},"inLanguage":"en","potentialAction":[{"@type":"ReadAction","target":["https:\/\/www.karajatalo.fi\/"]}]},{"@type":"ImageObject","inLanguage":"en","@id":"https:\/\/www.karajatalo.fi\/#primaryimage","url":"http:\/\/www.karajatalo.fi\/wp-content\/uploads\/2024\/09\/karajatalo_logo-1-1024x341.png","contentUrl":"http:\/\/www.karajatalo.fi\/wp-content\/uploads\/2024\/09\/karajatalo_logo-1-1024x341.png"},{"@type":"BreadcrumbList","@id":"https:\/\/www.karajatalo.fi\/#breadcrumb","itemListElement":[{"@type":"ListItem","position":1,"name":"Home","item":"https:\/\/www.karajatalo.fi\/"},{"@type":"ListItem","position":2,"name":"Etusivu"}]},{"@type":"WebSite","@id":"https:\/\/www.karajatalo.fi\/#website","url":"https:\/\/www.karajatalo.fi\/","name":"K\u00e4r\u00e4j\u00e4talo","description":"K&auml;r&auml;j&auml;talo","publisher":{"@id":"https:\/\/www.karajatalo.fi\/#organization"},"potentialAction":[{"@type":"SearchAction","target":{"@type":"EntryPoint","urlTemplate":"https:\/\/www.karajatalo.fi\/?s={search_term_string}"},"query-input":{"@type":"PropertyValueSpecification","valueRequired":true,"valueName":"search_term_string"}}],"inLanguage":"en"},{"@type":"Organization","@id":"https:\/\/www.karajatalo.fi\/#organization","name":"K\u00e4r\u00e4j\u00e4talo","url":"https:\/\/www.karajatalo.fi\/","logo":{"@type":"ImageObject","inLanguage":"en","@id":"https:\/\/www.karajatalo.fi\/#\/schema\/logo\/image\/","url":"https:\/\/www.karajatalo.fi\/wp-content\/uploads\/2024\/09\/karajatalo_logo_beige.png","contentUrl":"https:\/\/www.karajatalo.fi\/wp-content\/uploads\/2024\/09\/karajatalo_logo_beige.png","width":750,"height":250,"caption":"K\u00e4r\u00e4j\u00e4talo"},"image":{"@id":"https:\/\/www.karajatalo.fi\/#\/schema\/logo\/image\/"}}]}},"_links":{"self":[{"href":"https:\/\/www.karajatalo.fi\/index.php\/wp-json\/wp\/v2\/pages\/10","targetHints":{"allow":["GET"]}}],"collection":[{"href":"https:\/\/www.karajatalo.fi\/index.php\/wp-json\/wp\/v2\/pages"}],"about":[{"href":"https:\/\/www.karajatalo.fi\/index.php\/wp-json\/wp\/v2\/types\/page"}],"author":[{"embeddable":true,"href":"https:\/\/www.karajatalo.fi\/index.php\/wp-json\/wp\/v2\/users\/1"}],"replies":[{"embeddable":true,"href":"https:\/\/www.karajatalo.fi\/index.php\/wp-json\/wp\/v2\/comments?post=10"}],"version-history":[{"count":166,"href":"https:\/\/www.karajatalo.fi\/index.php\/wp-json\/wp\/v2\/pages\/10\/revisions"}],"predecessor-version":[{"id":762,"href":"https:\/\/www.karajatalo.fi\/index.php\/wp-json\/wp\/v2\/pages\/10\/revisions\/762"}],"wp:attachment":[{"href":"https:\/\/www.karajatalo.fi\/index.php\/wp-json\/wp\/v2\/media?parent=10"}],"curies":[{"name":"wp","href":"https:\/\/api.w.org\/{rel}","templated":true}]}}