{"id":17,"date":"2024-09-19T06:15:46","date_gmt":"2024-09-19T06:15:46","guid":{"rendered":"http:\/\/uusi.karajatalo.fi\/?page_id=17"},"modified":"2026-01-07T08:41:11","modified_gmt":"2026-01-07T08:41:11","slug":"tilaisuudet","status":"publish","type":"page","link":"https:\/\/www.karajatalo.fi\/index.php\/tilaisuudet\/","title":{"rendered":"Tilaisuudet"},"content":{"rendered":"\t\t<div data-elementor-type=\"wp-page\" data-elementor-id=\"17\" class=\"elementor elementor-17\">\n\t\t\t\t<div class=\"elementor-element elementor-element-67db3614 e-flex e-con-boxed e-con e-parent\" data-id=\"67db3614\" data-element_type=\"container\" data-e-type=\"container\">\n\t\t\t\t\t<div class=\"e-con-inner\">\n\t\t\t\t<div class=\"elementor-element elementor-element-46a9979c elementor-widget elementor-widget-heading\" data-id=\"46a9979c\" data-element_type=\"widget\" data-e-type=\"widget\" data-widget_type=\"heading.default\">\n\t\t\t\t<div class=\"elementor-widget-container\">\n\t\t\t\t\t<h1 class=\"elementor-heading-title elementor-size-default\">Tilaisuudet<\/h1>\t\t\t\t<\/div>\n\t\t\t\t<\/div>\n\t\t\t\t\t<\/div>\n\t\t\t\t<\/div>\n\t\t<div class=\"elementor-element elementor-element-7b4981f e-flex e-con-boxed e-con e-parent\" data-id=\"7b4981f\" data-element_type=\"container\" data-e-type=\"container\">\n\t\t\t\t\t<div class=\"e-con-inner\">\n\t\t<div class=\"elementor-element elementor-element-3bc6426 e-con-full e-flex e-con e-child\" data-id=\"3bc6426\" data-element_type=\"container\" data-e-type=\"container\">\n\t\t\t\t<div class=\"elementor-element elementor-element-79f8d6c0 elementor-widget elementor-widget-heading\" data-id=\"79f8d6c0\" data-element_type=\"widget\" data-e-type=\"widget\" data-widget_type=\"heading.default\">\n\t\t\t\t<div class=\"elementor-widget-container\">\n\t\t\t\t\t<h2 class=\"elementor-heading-title elementor-size-default\">Juhlat<\/h2>\t\t\t\t<\/div>\n\t\t\t\t<\/div>\n\t\t\t\t<div class=\"elementor-element elementor-element-3e1894cc elementor-widget elementor-widget-text-editor\" data-id=\"3e1894cc\" data-element_type=\"widget\" data-e-type=\"widget\" data-widget_type=\"text-editor.default\">\n\t\t\t\t<div class=\"elementor-widget-container\">\n\t\t\t\t\t\t\t\t\t<p><span class=\"OYPEnA font-feature-liga-off font-feature-clig-off font-feature-calt-off text-decoration-none text-strikethrough-none\">Suunnitelmissa syntym\u00e4p\u00e4iv\u00e4n vietto, kaste- tai rippijuhlat tai vaikka tunnelmallinen ilta yst\u00e4vien kesken? Meill\u00e4 viet\u00e4t ikimuistoiset ja mieleenpainuvat juhlat historiallisesti ainutlaatuisessa milj\u00f6\u00f6ss\u00e4.<br \/><\/span><\/p>\t\t\t\t\t\t\t\t<\/div>\n\t\t\t\t<\/div>\n\t\t\t\t<\/div>\n\t\t\t\t\t<\/div>\n\t\t\t\t<\/div>\n\t\t<div class=\"elementor-element elementor-element-fe16ebc e-flex e-con-boxed e-con e-parent\" data-id=\"fe16ebc\" data-element_type=\"container\" data-e-type=\"container\">\n\t\t\t\t\t<div class=\"e-con-inner\">\n\t\t<div class=\"elementor-element elementor-element-d4c037a e-con-full e-flex e-con e-child\" data-id=\"d4c037a\" data-element_type=\"container\" data-e-type=\"container\">\n\t\t\t\t<div class=\"elementor-element elementor-element-bcf5baf elementor-widget elementor-widget-heading\" data-id=\"bcf5baf\" data-element_type=\"widget\" data-e-type=\"widget\" data-widget_type=\"heading.default\">\n\t\t\t\t<div class=\"elementor-widget-container\">\n\t\t\t\t\t<h2 class=\"elementor-heading-title elementor-size-default\">H\u00e4\u00e4t<\/h2>\t\t\t\t<\/div>\n\t\t\t\t<\/div>\n\t\t\t\t<div class=\"elementor-element elementor-element-9109053 elementor-widget elementor-widget-text-editor\" data-id=\"9109053\" data-element_type=\"widget\" data-e-type=\"widget\" data-widget_type=\"text-editor.default\">\n\t\t\t\t<div class=\"elementor-widget-container\">\n\t\t\t\t\t\t\t\t\t<p><span class=\"OYPEnA font-feature-liga-off font-feature-clig-off font-feature-calt-off text-decoration-none text-strikethrough-none\">Viet\u00e4 h\u00e4\u00e4juhlat historiallisessa ja romantiikkaa pursuavassa K\u00e4r\u00e4j\u00e4tuvassa. Paikka jo itsess\u00e4\u00e4n luo puitteet ikimuistoisille ja tunnelmallisille h\u00e4\u00e4juhlille.<br \/>L\u00e4mmint\u00e4, perinteik\u00e4st\u00e4 tunnelmaa huokuvissa juhlatiloissamme,<\/span> <span class=\"OYPEnA font-feature-liga-off font-feature-clig-off font-feature-calt-off text-decoration-none text-strikethrough-none\">kynttil\u00f6iden valaistessa, syntyv\u00e4t kauniit ja el\u00e4m\u00e4nmittaiset muistot teid\u00e4n t\u00e4rkeimm\u00e4st\u00e4 p\u00e4iv\u00e4st\u00e4nne. <br \/><\/span><\/p>\t\t\t\t\t\t\t\t<\/div>\n\t\t\t\t<\/div>\n\t\t\t\t<\/div>\n\t\t\t\t\t<\/div>\n\t\t\t\t<\/div>\n\t\t<div class=\"elementor-element elementor-element-762b8d5f e-flex e-con-boxed e-con e-parent\" data-id=\"762b8d5f\" data-element_type=\"container\" data-e-type=\"container\">\n\t\t\t\t\t<div class=\"e-con-inner\">\n\t\t\t\t<div class=\"elementor-element elementor-element-4574f26a elementor-arrows-position-outside elementor-pagination-position-outside elementor-widget elementor-widget-image-carousel\" data-id=\"4574f26a\" data-element_type=\"widget\" data-e-type=\"widget\" data-settings=\"{&quot;navigation&quot;:&quot;both&quot;,&quot;autoplay&quot;:&quot;yes&quot;,&quot;pause_on_hover&quot;:&quot;yes&quot;,&quot;pause_on_interaction&quot;:&quot;yes&quot;,&quot;autoplay_speed&quot;:5000,&quot;infinite&quot;:&quot;yes&quot;,&quot;speed&quot;:500,&quot;image_spacing_custom&quot;:{&quot;unit&quot;:&quot;px&quot;,&quot;size&quot;:20,&quot;sizes&quot;:[]},&quot;image_spacing_custom_tablet&quot;:{&quot;unit&quot;:&quot;px&quot;,&quot;size&quot;:&quot;&quot;,&quot;sizes&quot;:[]},&quot;image_spacing_custom_mobile&quot;:{&quot;unit&quot;:&quot;px&quot;,&quot;size&quot;:&quot;&quot;,&quot;sizes&quot;:[]}}\" data-widget_type=\"image-carousel.default\">\n\t\t\t\t<div class=\"elementor-widget-container\">\n\t\t\t\t\t\t\t<div class=\"elementor-image-carousel-wrapper swiper\" role=\"region\" aria-roledescription=\"carousel\" aria-label=\"Image Carousel\" dir=\"ltr\">\n\t\t\t<div class=\"elementor-image-carousel swiper-wrapper\" aria-live=\"off\">\n\t\t\t\t\t\t\t\t<div class=\"swiper-slide\" role=\"group\" aria-roledescription=\"slide\" aria-label=\"1 of 6\"><figure class=\"swiper-slide-inner\"><img decoding=\"async\" class=\"swiper-slide-image\" src=\"https:\/\/www.karajatalo.fi\/wp-content\/uploads\/2024\/09\/auringonkukka_asetelma-768x1024.jpg\" alt=\"Kukka-asetelma.\" \/><\/figure><\/div><div class=\"swiper-slide\" role=\"group\" aria-roledescription=\"slide\" aria-label=\"2 of 6\"><figure class=\"swiper-slide-inner\"><img decoding=\"async\" class=\"swiper-slide-image\" src=\"https:\/\/www.karajatalo.fi\/wp-content\/uploads\/2024\/09\/jouluinen_juhlakattaus-768x1024.jpg\" alt=\"Jouluinen juhlakattaus.\" \/><\/figure><\/div><div class=\"swiper-slide\" role=\"group\" aria-roledescription=\"slide\" aria-label=\"3 of 6\"><figure class=\"swiper-slide-inner\"><img decoding=\"async\" class=\"swiper-slide-image\" src=\"https:\/\/www.karajatalo.fi\/wp-content\/uploads\/2024\/09\/juhlakattaus-768x1024.jpg\" alt=\"Juhlakattaus.\" \/><\/figure><\/div><div class=\"swiper-slide\" role=\"group\" aria-roledescription=\"slide\" aria-label=\"4 of 6\"><figure class=\"swiper-slide-inner\"><img decoding=\"async\" class=\"swiper-slide-image\" src=\"https:\/\/www.karajatalo.fi\/wp-content\/uploads\/2024\/09\/ristiais_kattaus-768x1024.jpg\" alt=\"Risti\u00e4isten kahvip\u00f6yt\u00e4.\" \/><\/figure><\/div><div class=\"swiper-slide\" role=\"group\" aria-roledescription=\"slide\" aria-label=\"5 of 6\"><figure class=\"swiper-slide-inner\"><img decoding=\"async\" class=\"swiper-slide-image\" src=\"https:\/\/www.karajatalo.fi\/wp-content\/uploads\/2024\/09\/juhlajuomat_kaivonkannella-1-768x1024.jpg\" alt=\"Juhlajuomat kavivonkannella.\" \/><\/figure><\/div><div class=\"swiper-slide\" role=\"group\" aria-roledescription=\"slide\" aria-label=\"6 of 6\"><figure class=\"swiper-slide-inner\"><img decoding=\"async\" class=\"swiper-slide-image\" src=\"https:\/\/www.karajatalo.fi\/wp-content\/uploads\/2024\/09\/lamminkattaus-768x1024.jpg\" alt=\"L\u00e4mmin noutop\u00f6yt\u00e4.\" \/><\/figure><\/div>\t\t\t<\/div>\n\t\t\t\t\t\t\t\t\t\t\t\t<div class=\"elementor-swiper-button elementor-swiper-button-prev\" role=\"button\" tabindex=\"0\">\n\t\t\t\t\t\t<svg aria-hidden=\"true\" class=\"e-font-icon-svg e-eicon-chevron-left\" viewBox=\"0 0 1000 1000\" xmlns=\"http:\/\/www.w3.org\/2000\/svg\"><path d=\"M646 125C629 125 613 133 604 142L308 442C296 454 292 471 292 487 292 504 296 521 308 533L604 854C617 867 629 875 646 875 663 875 679 871 692 858 704 846 713 829 713 812 713 796 708 779 692 767L438 487 692 225C700 217 708 204 708 187 708 171 704 154 692 142 675 129 663 125 646 125Z\"><\/path><\/svg>\t\t\t\t\t<\/div>\n\t\t\t\t\t<div class=\"elementor-swiper-button elementor-swiper-button-next\" role=\"button\" tabindex=\"0\">\n\t\t\t\t\t\t<svg aria-hidden=\"true\" class=\"e-font-icon-svg e-eicon-chevron-right\" viewBox=\"0 0 1000 1000\" xmlns=\"http:\/\/www.w3.org\/2000\/svg\"><path d=\"M696 533C708 521 713 504 713 487 713 471 708 454 696 446L400 146C388 133 375 125 354 125 338 125 325 129 313 142 300 154 292 171 292 187 292 204 296 221 308 233L563 492 304 771C292 783 288 800 288 817 288 833 296 850 308 863 321 871 338 875 354 875 371 875 388 867 400 854L696 533Z\"><\/path><\/svg>\t\t\t\t\t<\/div>\n\t\t\t\t\n\t\t\t\t\t\t\t\t\t<div class=\"swiper-pagination\"><\/div>\n\t\t\t\t\t\t\t\t\t<\/div>\n\t\t\t\t\t\t<\/div>\n\t\t\t\t<\/div>\n\t\t\t\t\t<\/div>\n\t\t\t\t<\/div>\n\t\t<div class=\"elementor-element elementor-element-07ba8a9 e-flex e-con-boxed e-con e-parent\" data-id=\"07ba8a9\" data-element_type=\"container\" data-e-type=\"container\">\n\t\t\t\t\t<div class=\"e-con-inner\">\n\t\t<div class=\"elementor-element elementor-element-5c596c5 e-con-full e-flex e-con e-child\" data-id=\"5c596c5\" data-element_type=\"container\" data-e-type=\"container\">\n\t\t\t\t<div class=\"elementor-element elementor-element-9c34338 elementor-widget elementor-widget-heading\" data-id=\"9c34338\" data-element_type=\"widget\" data-e-type=\"widget\" data-widget_type=\"heading.default\">\n\t\t\t\t<div class=\"elementor-widget-container\">\n\t\t\t\t\t<h2 class=\"elementor-heading-title elementor-size-default\">Muistotilaisuus<\/h2>\t\t\t\t<\/div>\n\t\t\t\t<\/div>\n\t\t\t\t<div class=\"elementor-element elementor-element-6d4a0f6 elementor-widget elementor-widget-text-editor\" data-id=\"6d4a0f6\" data-element_type=\"widget\" data-e-type=\"widget\" data-widget_type=\"text-editor.default\">\n\t\t\t\t<div class=\"elementor-widget-container\">\n\t\t\t\t\t\t\t\t\t<p class=\"cvGsUA direction-ltr align-start para-style-body\"><span class=\"OYPEnA font-feature-liga-off font-feature-clig-off font-feature-calt-off text-decoration-none text-strikethrough-none\">Surun keskell\u00e4 hautajaisten ja muistotilaisuuden j\u00e4rjest\u00e4minen voi tuntua omaisista raskaalta. <\/span><span class=\"OYPEnA font-feature-liga-off font-feature-clig-off font-feature-calt-off text-decoration-none text-strikethrough-none\">Autamme teit\u00e4 j\u00e4rjest\u00e4m\u00e4\u00e4n l\u00e4mminhenkisen muistotilaisuuden suurella arvokkuudella ja ammattitaidolla. Teemme tilaisuudesta toiveittenne mukaisen varmistaen, ettei teid\u00e4n tarvitse huolehtia k\u00e4yt\u00e4nn\u00f6n j\u00e4rjestelyist\u00e4 juhlapaikalla.<\/span><\/p>\t\t\t\t\t\t\t\t<\/div>\n\t\t\t\t<\/div>\n\t\t\t\t<\/div>\n\t\t\t\t\t<\/div>\n\t\t\t\t<\/div>\n\t\t<div class=\"elementor-element elementor-element-6fb4ac1 e-flex e-con-boxed e-con e-parent\" data-id=\"6fb4ac1\" data-element_type=\"container\" data-e-type=\"container\">\n\t\t\t\t\t<div class=\"e-con-inner\">\n\t\t<div class=\"elementor-element elementor-element-ac98812 e-con-full e-flex e-con e-child\" data-id=\"ac98812\" data-element_type=\"container\" data-e-type=\"container\">\n\t\t\t\t<div class=\"elementor-element elementor-element-685a5a5 elementor-widget elementor-widget-heading\" data-id=\"685a5a5\" data-element_type=\"widget\" data-e-type=\"widget\" data-widget_type=\"heading.default\">\n\t\t\t\t<div class=\"elementor-widget-container\">\n\t\t\t\t\t<h2 class=\"elementor-heading-title elementor-size-default\">Kokoukset<\/h2>\t\t\t\t<\/div>\n\t\t\t\t<\/div>\n\t\t\t\t<div class=\"elementor-element elementor-element-f6516b0 elementor-widget elementor-widget-text-editor\" data-id=\"f6516b0\" data-element_type=\"widget\" data-e-type=\"widget\" data-widget_type=\"text-editor.default\">\n\t\t\t\t<div class=\"elementor-widget-container\">\n\t\t\t\t\t\t\t\t\t<p class=\"cvGsUA direction-ltr align-start para-style-body\"><span class=\"OYPEnA font-feature-liga-off font-feature-clig-off font-feature-calt-off text-decoration-none text-strikethrough-none\">Nokkalan K\u00e4r\u00e4j\u00e4talo tarjoaa upeat puitteet kokouksiin ja edustustilaisuuksiin, pienille ja keskisuurille ryhmille, luonnon keskell\u00e4, rauhallisessa ymp\u00e4rist\u00f6ss\u00e4, l\u00e4hell\u00e4 Pieks\u00e4m\u00e4en keskustaa.<br \/><\/span><span class=\"OYPEnA font-feature-liga-off font-feature-clig-off font-feature-calt-off text-decoration-none text-strikethrough-none\">Historiallinen milj\u00f6\u00f6 puutarhoineen auttaa irrottautumaan arjesta ja keskittym\u00e4\u00e4n kokousaiheeseen, uusinta tekniikkaa hy\u00f6dynt\u00e4en. R\u00e4\u00e4t\u00e4l\u00f6imme teille sopivan kokouspaketin tarpeidenne ja toiveidenne mukaan.<\/span><\/p>\t\t\t\t\t\t\t\t<\/div>\n\t\t\t\t<\/div>\n\t\t\t\t<\/div>\n\t\t\t\t\t<\/div>\n\t\t\t\t<\/div>\n\t\t<div class=\"elementor-element elementor-element-557ea0d0 e-flex e-con-boxed e-con e-parent\" data-id=\"557ea0d0\" data-element_type=\"container\" data-e-type=\"container\">\n\t\t\t\t\t<div class=\"e-con-inner\">\n\t\t\t\t<div class=\"elementor-element elementor-element-49e766b1 elementor-arrows-position-outside elementor-pagination-position-outside elementor-widget elementor-widget-image-carousel\" data-id=\"49e766b1\" data-element_type=\"widget\" data-e-type=\"widget\" data-settings=\"{&quot;navigation&quot;:&quot;both&quot;,&quot;autoplay&quot;:&quot;yes&quot;,&quot;pause_on_hover&quot;:&quot;yes&quot;,&quot;pause_on_interaction&quot;:&quot;yes&quot;,&quot;autoplay_speed&quot;:5000,&quot;infinite&quot;:&quot;yes&quot;,&quot;speed&quot;:500,&quot;image_spacing_custom&quot;:{&quot;unit&quot;:&quot;px&quot;,&quot;size&quot;:20,&quot;sizes&quot;:[]},&quot;image_spacing_custom_tablet&quot;:{&quot;unit&quot;:&quot;px&quot;,&quot;size&quot;:&quot;&quot;,&quot;sizes&quot;:[]},&quot;image_spacing_custom_mobile&quot;:{&quot;unit&quot;:&quot;px&quot;,&quot;size&quot;:&quot;&quot;,&quot;sizes&quot;:[]}}\" data-widget_type=\"image-carousel.default\">\n\t\t\t\t<div class=\"elementor-widget-container\">\n\t\t\t\t\t\t\t<div class=\"elementor-image-carousel-wrapper swiper\" role=\"region\" aria-roledescription=\"carousel\" aria-label=\"Image Carousel\" dir=\"ltr\">\n\t\t\t<div class=\"elementor-image-carousel swiper-wrapper\" aria-live=\"off\">\n\t\t\t\t\t\t\t\t<div class=\"swiper-slide\" role=\"group\" aria-roledescription=\"slide\" aria-label=\"1 of 5\"><figure class=\"swiper-slide-inner\"><img decoding=\"async\" class=\"swiper-slide-image\" src=\"https:\/\/www.karajatalo.fi\/wp-content\/uploads\/2024\/09\/kahvikattaus-768x1024.jpg\" alt=\"Kahvikattaus.\" \/><\/figure><\/div><div class=\"swiper-slide\" role=\"group\" aria-roledescription=\"slide\" aria-label=\"2 of 5\"><figure class=\"swiper-slide-inner\"><img decoding=\"async\" class=\"swiper-slide-image\" src=\"https:\/\/www.karajatalo.fi\/wp-content\/uploads\/2024\/09\/kakkuja-1-768x1024.jpg\" alt=\"Voileip\u00e4kakkuja.\" \/><\/figure><\/div><div class=\"swiper-slide\" role=\"group\" aria-roledescription=\"slide\" aria-label=\"3 of 5\"><figure class=\"swiper-slide-inner\"><img decoding=\"async\" class=\"swiper-slide-image\" src=\"https:\/\/www.karajatalo.fi\/wp-content\/uploads\/2024\/09\/kakkutarjoilut-769x1024.jpg\" alt=\"Kakkutarjoilut.\" \/><\/figure><\/div><div class=\"swiper-slide\" role=\"group\" aria-roledescription=\"slide\" aria-label=\"4 of 5\"><figure class=\"swiper-slide-inner\"><img decoding=\"async\" class=\"swiper-slide-image\" src=\"https:\/\/www.karajatalo.fi\/wp-content\/uploads\/2024\/09\/noutopoyta-768x1024.jpg\" alt=\"Buffetp\u00f6yt\u00e4.\" \/><\/figure><\/div><div class=\"swiper-slide\" role=\"group\" aria-roledescription=\"slide\" aria-label=\"5 of 5\"><figure class=\"swiper-slide-inner\"><img decoding=\"async\" class=\"swiper-slide-image\" src=\"https:\/\/www.karajatalo.fi\/wp-content\/uploads\/2024\/09\/muistotilaisuus-768x1024.jpg\" alt=\"Muistotilaisuus.\" \/><\/figure><\/div>\t\t\t<\/div>\n\t\t\t\t\t\t\t\t\t\t\t\t<div class=\"elementor-swiper-button elementor-swiper-button-prev\" role=\"button\" tabindex=\"0\">\n\t\t\t\t\t\t<svg aria-hidden=\"true\" class=\"e-font-icon-svg e-eicon-chevron-left\" viewBox=\"0 0 1000 1000\" xmlns=\"http:\/\/www.w3.org\/2000\/svg\"><path d=\"M646 125C629 125 613 133 604 142L308 442C296 454 292 471 292 487 292 504 296 521 308 533L604 854C617 867 629 875 646 875 663 875 679 871 692 858 704 846 713 829 713 812 713 796 708 779 692 767L438 487 692 225C700 217 708 204 708 187 708 171 704 154 692 142 675 129 663 125 646 125Z\"><\/path><\/svg>\t\t\t\t\t<\/div>\n\t\t\t\t\t<div class=\"elementor-swiper-button elementor-swiper-button-next\" role=\"button\" tabindex=\"0\">\n\t\t\t\t\t\t<svg aria-hidden=\"true\" class=\"e-font-icon-svg e-eicon-chevron-right\" viewBox=\"0 0 1000 1000\" xmlns=\"http:\/\/www.w3.org\/2000\/svg\"><path d=\"M696 533C708 521 713 504 713 487 713 471 708 454 696 446L400 146C388 133 375 125 354 125 338 125 325 129 313 142 300 154 292 171 292 187 292 204 296 221 308 233L563 492 304 771C292 783 288 800 288 817 288 833 296 850 308 863 321 871 338 875 354 875 371 875 388 867 400 854L696 533Z\"><\/path><\/svg>\t\t\t\t\t<\/div>\n\t\t\t\t\n\t\t\t\t\t\t\t\t\t<div class=\"swiper-pagination\"><\/div>\n\t\t\t\t\t\t\t\t\t<\/div>\n\t\t\t\t\t\t<\/div>\n\t\t\t\t<\/div>\n\t\t\t\t\t<\/div>\n\t\t\t\t<\/div>\n\t\t<div class=\"elementor-element elementor-element-bddc997 e-flex e-con-boxed e-con e-parent\" data-id=\"bddc997\" data-element_type=\"container\" data-e-type=\"container\">\n\t\t\t\t\t<div class=\"e-con-inner\">\n\t\t<div class=\"elementor-element elementor-element-80b0bfc e-con-full e-flex e-con e-child\" data-id=\"80b0bfc\" data-element_type=\"container\" data-e-type=\"container\">\n\t\t\t\t<div class=\"elementor-element elementor-element-ff05da8 elementor-widget elementor-widget-heading\" data-id=\"ff05da8\" data-element_type=\"widget\" data-e-type=\"widget\" data-widget_type=\"heading.default\">\n\t\t\t\t<div class=\"elementor-widget-container\">\n\t\t\t\t\t<h2 class=\"elementor-heading-title elementor-size-default\">Tapahtumat<\/h2>\t\t\t\t<\/div>\n\t\t\t\t<\/div>\n\t\t\t\t<div class=\"elementor-element elementor-element-9ad2f68 elementor-widget elementor-widget-text-editor\" data-id=\"9ad2f68\" data-element_type=\"widget\" data-e-type=\"widget\" data-widget_type=\"text-editor.default\">\n\t\t\t\t<div class=\"elementor-widget-container\">\n\t\t\t\t\t\t\t\t\t<p>Etsitk\u00f6 paikkaa tuote-esittelylle, myyj\u00e4isille tai muulle tapahtumalle? <br \/>Nokkalan K\u00e4r\u00e4j\u00e4talo pihapiireineen tarjoaa ainutlaatuiset puitteet tapahtumallesi. <span class=\"OYPEnA font-feature-liga-off font-feature-clig-off font-feature-calt-off text-decoration-none text-strikethrough-none\">Meille p\u00e4\u00e4see k\u00e4tev\u00e4sti autolla, py\u00f6r\u00e4ll\u00e4 tai k\u00e4vellen. Autoille l\u00f6ytyy runsaasti pys\u00e4k\u00f6intitilaa.<\/span><\/p>\t\t\t\t\t\t\t\t<\/div>\n\t\t\t\t<\/div>\n\t\t\t\t<\/div>\n\t\t\t\t\t<\/div>\n\t\t\t\t<\/div>\n\t\t<div class=\"elementor-element elementor-element-980dd5d e-flex e-con-boxed e-con e-parent\" data-id=\"980dd5d\" data-element_type=\"container\" data-e-type=\"container\">\n\t\t\t\t\t<div class=\"e-con-inner\">\n\t\t<div class=\"elementor-element elementor-element-8143081 e-con-full e-flex e-con e-child\" data-id=\"8143081\" data-element_type=\"container\" data-e-type=\"container\">\n\t\t\t\t<div class=\"elementor-element elementor-element-fb91a03 elementor-widget elementor-widget-heading\" data-id=\"fb91a03\" data-element_type=\"widget\" data-e-type=\"widget\" data-widget_type=\"heading.default\">\n\t\t\t\t<div class=\"elementor-widget-container\">\n\t\t\t\t\t<h2 class=\"elementor-heading-title elementor-size-default\">Majoitus<\/h2>\t\t\t\t<\/div>\n\t\t\t\t<\/div>\n\t\t\t\t<div class=\"elementor-element elementor-element-870a684 elementor-widget elementor-widget-text-editor\" data-id=\"870a684\" data-element_type=\"widget\" data-e-type=\"widget\" data-widget_type=\"text-editor.default\">\n\t\t\t\t<div class=\"elementor-widget-container\">\n\t\t\t\t\t\t\t\t\t<p>Juhlien ja tapahtumien yhteydess\u00e4 Nokkalan K\u00e4r\u00e4j\u00e4tuvalla onmajoitusmahdollisuus nelj\u00e4lle hengelle, erilliseen hintaan.<\/p><p>Aivan Pieks\u00e4m\u00e4en keskustassa sijaitseva Hotelli Pieks\u00e4nlinna tarjoaa majoitusta juhlav\u00e4elle.<\/p>\t\t\t\t\t\t\t\t<\/div>\n\t\t\t\t<\/div>\n\t\t\t\t<\/div>\n\t\t\t\t\t<\/div>\n\t\t\t\t<\/div>\n\t\t<div class=\"elementor-element elementor-element-8e775d1 e-flex e-con-boxed e-con e-parent\" data-id=\"8e775d1\" data-element_type=\"container\" data-e-type=\"container\">\n\t\t\t\t\t<div class=\"e-con-inner\">\n\t\t\t\t<div class=\"elementor-element elementor-element-033c714 elementor-widget elementor-widget-image\" data-id=\"033c714\" data-element_type=\"widget\" data-e-type=\"widget\" data-widget_type=\"image.default\">\n\t\t\t\t<div class=\"elementor-widget-container\">\n\t\t\t\t\t\t\t\t\t\t\t\t\t\t\t\t<a href=\"https:\/\/www.pieksanlinna.fi\/\" target=\"_blank\">\n\t\t\t\t\t\t\t<img fetchpriority=\"high\" decoding=\"async\" width=\"1024\" height=\"308\" src=\"https:\/\/www.karajatalo.fi\/wp-content\/uploads\/2024\/09\/pieksanlinna_logo-1024x308.png\" class=\"attachment-large size-large wp-image-545\" alt=\"\" srcset=\"https:\/\/www.karajatalo.fi\/wp-content\/uploads\/2024\/09\/pieksanlinna_logo-1024x308.png 1024w, https:\/\/www.karajatalo.fi\/wp-content\/uploads\/2024\/09\/pieksanlinna_logo-300x90.png 300w, https:\/\/www.karajatalo.fi\/wp-content\/uploads\/2024\/09\/pieksanlinna_logo-768x231.png 768w, https:\/\/www.karajatalo.fi\/wp-content\/uploads\/2024\/09\/pieksanlinna_logo-1536x461.png 1536w, https:\/\/www.karajatalo.fi\/wp-content\/uploads\/2024\/09\/pieksanlinna_logo.png 2001w\" sizes=\"(max-width: 1024px) 100vw, 1024px\" \/>\t\t\t\t\t\t\t\t<\/a>\n\t\t\t\t\t\t\t\t\t\t\t\t\t\t\t<\/div>\n\t\t\t\t<\/div>\n\t\t\t\t\t<\/div>\n\t\t\t\t<\/div>\n\t\t\t\t<\/div>\n\t\t","protected":false},"excerpt":{"rendered":"<p>Tilaisuudet Juhlat Suunnitelmissa syntym\u00e4p\u00e4iv\u00e4n vietto, kaste- tai rippijuhlat tai vaikka tunnelmallinen ilta yst\u00e4vien kesken? Meill\u00e4 viet\u00e4t ikimuistoiset ja mieleenpainuvat juhlat [&hellip;]<\/p>\n","protected":false},"author":1,"featured_media":0,"parent":0,"menu_order":0,"comment_status":"closed","ping_status":"closed","template":"","meta":{"site-sidebar-layout":"no-sidebar","site-content-layout":"","ast-site-content-layout":"full-width-container","site-content-style":"default","site-sidebar-style":"default","ast-global-header-display":"","ast-banner-title-visibility":"","ast-main-header-display":"","ast-hfb-above-header-display":"","ast-hfb-below-header-display":"","ast-hfb-mobile-header-display":"","site-post-title":"disabled","ast-breadcrumbs-content":"","ast-featured-img":"disabled","footer-sml-layout":"","ast-disable-related-posts":"","theme-transparent-header-meta":"","adv-header-id-meta":"","stick-header-meta":"","header-above-stick-meta":"","header-main-stick-meta":"","header-below-stick-meta":"","astra-migrate-meta-layouts":"default","ast-page-background-enabled":"default","ast-page-background-meta":{"desktop":{"background-color":"var(--ast-global-color-4)","background-image":"","background-repeat":"repeat","background-position":"center center","background-size":"auto","background-attachment":"scroll","background-type":"","background-media":"","overlay-type":"","overlay-color":"","overlay-opacity":"","overlay-gradient":""},"tablet":{"background-color":"","background-image":"","background-repeat":"repeat","background-position":"center center","background-size":"auto","background-attachment":"scroll","background-type":"","background-media":"","overlay-type":"","overlay-color":"","overlay-opacity":"","overlay-gradient":""},"mobile":{"background-color":"","background-image":"","background-repeat":"repeat","background-position":"center center","background-size":"auto","background-attachment":"scroll","background-type":"","background-media":"","overlay-type":"","overlay-color":"","overlay-opacity":"","overlay-gradient":""}},"ast-content-background-meta":{"desktop":{"background-color":"var(--ast-global-color-5)","background-image":"","background-repeat":"repeat","background-position":"center center","background-size":"auto","background-attachment":"scroll","background-type":"","background-media":"","overlay-type":"","overlay-color":"","overlay-opacity":"","overlay-gradient":""},"tablet":{"background-color":"var(--ast-global-color-5)","background-image":"","background-repeat":"repeat","background-position":"center center","background-size":"auto","background-attachment":"scroll","background-type":"","background-media":"","overlay-type":"","overlay-color":"","overlay-opacity":"","overlay-gradient":""},"mobile":{"background-color":"var(--ast-global-color-5)","background-image":"","background-repeat":"repeat","background-position":"center center","background-size":"auto","background-attachment":"scroll","background-type":"","background-media":"","overlay-type":"","overlay-color":"","overlay-opacity":"","overlay-gradient":""}},"footnotes":""},"class_list":["post-17","page","type-page","status-publish","hentry"],"yoast_head":"<!-- This site is optimized with the Yoast SEO plugin v27.3 - https:\/\/yoast.com\/product\/yoast-seo-wordpress\/ -->\n<title>Tilaisuudet<\/title>\n<meta name=\"description\" content=\"Suunnitelmissa perhejuhlat, h\u00e4\u00e4t, muistotilaisuus, kokous tai muu tapahtuma? Meill\u00e4 viet\u00e4t ikimuistoiset ja mieleenpainuvat juhlat.\" \/>\n<meta name=\"robots\" content=\"index, follow, max-snippet:-1, max-image-preview:large, max-video-preview:-1\" \/>\n<link rel=\"canonical\" href=\"https:\/\/www.karajatalo.fi\/index.php\/tilaisuudet\/\" \/>\n<meta property=\"og:locale\" content=\"en_US\" \/>\n<meta property=\"og:type\" content=\"article\" \/>\n<meta property=\"og:title\" content=\"Tilaisuudet\" \/>\n<meta property=\"og:description\" content=\"Suunnitelmissa perhejuhlat, h\u00e4\u00e4t, muistotilaisuus, kokous tai muu tapahtuma? Meill\u00e4 viet\u00e4t ikimuistoiset ja mieleenpainuvat juhlat.\" \/>\n<meta property=\"og:url\" content=\"https:\/\/www.karajatalo.fi\/index.php\/tilaisuudet\/\" \/>\n<meta property=\"article:modified_time\" content=\"2026-01-07T08:41:11+00:00\" \/>\n<meta property=\"og:image\" content=\"http:\/\/www.karajatalo.fi\/wp-content\/uploads\/2024\/09\/auringonkukka_asetelma-768x1024.jpg\" \/>\n<meta name=\"twitter:card\" content=\"summary_large_image\" \/>\n<meta name=\"twitter:label1\" content=\"Est. reading time\" \/>\n\t<meta name=\"twitter:data1\" content=\"4 minutes\" \/>\n<script type=\"application\/ld+json\" class=\"yoast-schema-graph\">{\"@context\":\"https:\\\/\\\/schema.org\",\"@graph\":[{\"@type\":\"WebPage\",\"@id\":\"https:\\\/\\\/www.karajatalo.fi\\\/index.php\\\/tilaisuudet\\\/\",\"url\":\"https:\\\/\\\/www.karajatalo.fi\\\/index.php\\\/tilaisuudet\\\/\",\"name\":\"Tilaisuudet\",\"isPartOf\":{\"@id\":\"https:\\\/\\\/www.karajatalo.fi\\\/#website\"},\"primaryImageOfPage\":{\"@id\":\"https:\\\/\\\/www.karajatalo.fi\\\/index.php\\\/tilaisuudet\\\/#primaryimage\"},\"image\":{\"@id\":\"https:\\\/\\\/www.karajatalo.fi\\\/index.php\\\/tilaisuudet\\\/#primaryimage\"},\"thumbnailUrl\":\"http:\\\/\\\/www.karajatalo.fi\\\/wp-content\\\/uploads\\\/2024\\\/09\\\/auringonkukka_asetelma-768x1024.jpg\",\"datePublished\":\"2024-09-19T06:15:46+00:00\",\"dateModified\":\"2026-01-07T08:41:11+00:00\",\"description\":\"Suunnitelmissa perhejuhlat, h\u00e4\u00e4t, muistotilaisuus, kokous tai muu tapahtuma? Meill\u00e4 viet\u00e4t ikimuistoiset ja mieleenpainuvat juhlat.\",\"breadcrumb\":{\"@id\":\"https:\\\/\\\/www.karajatalo.fi\\\/index.php\\\/tilaisuudet\\\/#breadcrumb\"},\"inLanguage\":\"en\",\"potentialAction\":[{\"@type\":\"ReadAction\",\"target\":[\"https:\\\/\\\/www.karajatalo.fi\\\/index.php\\\/tilaisuudet\\\/\"]}]},{\"@type\":\"ImageObject\",\"inLanguage\":\"en\",\"@id\":\"https:\\\/\\\/www.karajatalo.fi\\\/index.php\\\/tilaisuudet\\\/#primaryimage\",\"url\":\"http:\\\/\\\/www.karajatalo.fi\\\/wp-content\\\/uploads\\\/2024\\\/09\\\/auringonkukka_asetelma-768x1024.jpg\",\"contentUrl\":\"http:\\\/\\\/www.karajatalo.fi\\\/wp-content\\\/uploads\\\/2024\\\/09\\\/auringonkukka_asetelma-768x1024.jpg\"},{\"@type\":\"BreadcrumbList\",\"@id\":\"https:\\\/\\\/www.karajatalo.fi\\\/index.php\\\/tilaisuudet\\\/#breadcrumb\",\"itemListElement\":[{\"@type\":\"ListItem\",\"position\":1,\"name\":\"Home\",\"item\":\"https:\\\/\\\/www.karajatalo.fi\\\/\"},{\"@type\":\"ListItem\",\"position\":2,\"name\":\"Tilaisuudet\"}]},{\"@type\":\"WebSite\",\"@id\":\"https:\\\/\\\/www.karajatalo.fi\\\/#website\",\"url\":\"https:\\\/\\\/www.karajatalo.fi\\\/\",\"name\":\"K\u00e4r\u00e4j\u00e4talo\",\"description\":\"K&auml;r&auml;j&auml;talo\",\"publisher\":{\"@id\":\"https:\\\/\\\/www.karajatalo.fi\\\/#organization\"},\"potentialAction\":[{\"@type\":\"SearchAction\",\"target\":{\"@type\":\"EntryPoint\",\"urlTemplate\":\"https:\\\/\\\/www.karajatalo.fi\\\/?s={search_term_string}\"},\"query-input\":{\"@type\":\"PropertyValueSpecification\",\"valueRequired\":true,\"valueName\":\"search_term_string\"}}],\"inLanguage\":\"en\"},{\"@type\":\"Organization\",\"@id\":\"https:\\\/\\\/www.karajatalo.fi\\\/#organization\",\"name\":\"K\u00e4r\u00e4j\u00e4talo\",\"url\":\"https:\\\/\\\/www.karajatalo.fi\\\/\",\"logo\":{\"@type\":\"ImageObject\",\"inLanguage\":\"en\",\"@id\":\"https:\\\/\\\/www.karajatalo.fi\\\/#\\\/schema\\\/logo\\\/image\\\/\",\"url\":\"https:\\\/\\\/www.karajatalo.fi\\\/wp-content\\\/uploads\\\/2024\\\/09\\\/karajatalo_logo_beige.png\",\"contentUrl\":\"https:\\\/\\\/www.karajatalo.fi\\\/wp-content\\\/uploads\\\/2024\\\/09\\\/karajatalo_logo_beige.png\",\"width\":750,\"height\":250,\"caption\":\"K\u00e4r\u00e4j\u00e4talo\"},\"image\":{\"@id\":\"https:\\\/\\\/www.karajatalo.fi\\\/#\\\/schema\\\/logo\\\/image\\\/\"}}]}<\/script>\n<!-- \/ Yoast SEO plugin. -->","yoast_head_json":{"title":"Tilaisuudet","description":"Suunnitelmissa perhejuhlat, h\u00e4\u00e4t, muistotilaisuus, kokous tai muu tapahtuma? Meill\u00e4 viet\u00e4t ikimuistoiset ja mieleenpainuvat juhlat.","robots":{"index":"index","follow":"follow","max-snippet":"max-snippet:-1","max-image-preview":"max-image-preview:large","max-video-preview":"max-video-preview:-1"},"canonical":"https:\/\/www.karajatalo.fi\/index.php\/tilaisuudet\/","og_locale":"en_US","og_type":"article","og_title":"Tilaisuudet","og_description":"Suunnitelmissa perhejuhlat, h\u00e4\u00e4t, muistotilaisuus, kokous tai muu tapahtuma? Meill\u00e4 viet\u00e4t ikimuistoiset ja mieleenpainuvat juhlat.","og_url":"https:\/\/www.karajatalo.fi\/index.php\/tilaisuudet\/","article_modified_time":"2026-01-07T08:41:11+00:00","og_image":[{"url":"http:\/\/www.karajatalo.fi\/wp-content\/uploads\/2024\/09\/auringonkukka_asetelma-768x1024.jpg","type":"","width":"","height":""}],"twitter_card":"summary_large_image","twitter_misc":{"Est. reading time":"4 minutes"},"schema":{"@context":"https:\/\/schema.org","@graph":[{"@type":"WebPage","@id":"https:\/\/www.karajatalo.fi\/index.php\/tilaisuudet\/","url":"https:\/\/www.karajatalo.fi\/index.php\/tilaisuudet\/","name":"Tilaisuudet","isPartOf":{"@id":"https:\/\/www.karajatalo.fi\/#website"},"primaryImageOfPage":{"@id":"https:\/\/www.karajatalo.fi\/index.php\/tilaisuudet\/#primaryimage"},"image":{"@id":"https:\/\/www.karajatalo.fi\/index.php\/tilaisuudet\/#primaryimage"},"thumbnailUrl":"http:\/\/www.karajatalo.fi\/wp-content\/uploads\/2024\/09\/auringonkukka_asetelma-768x1024.jpg","datePublished":"2024-09-19T06:15:46+00:00","dateModified":"2026-01-07T08:41:11+00:00","description":"Suunnitelmissa perhejuhlat, h\u00e4\u00e4t, muistotilaisuus, kokous tai muu tapahtuma? Meill\u00e4 viet\u00e4t ikimuistoiset ja mieleenpainuvat juhlat.","breadcrumb":{"@id":"https:\/\/www.karajatalo.fi\/index.php\/tilaisuudet\/#breadcrumb"},"inLanguage":"en","potentialAction":[{"@type":"ReadAction","target":["https:\/\/www.karajatalo.fi\/index.php\/tilaisuudet\/"]}]},{"@type":"ImageObject","inLanguage":"en","@id":"https:\/\/www.karajatalo.fi\/index.php\/tilaisuudet\/#primaryimage","url":"http:\/\/www.karajatalo.fi\/wp-content\/uploads\/2024\/09\/auringonkukka_asetelma-768x1024.jpg","contentUrl":"http:\/\/www.karajatalo.fi\/wp-content\/uploads\/2024\/09\/auringonkukka_asetelma-768x1024.jpg"},{"@type":"BreadcrumbList","@id":"https:\/\/www.karajatalo.fi\/index.php\/tilaisuudet\/#breadcrumb","itemListElement":[{"@type":"ListItem","position":1,"name":"Home","item":"https:\/\/www.karajatalo.fi\/"},{"@type":"ListItem","position":2,"name":"Tilaisuudet"}]},{"@type":"WebSite","@id":"https:\/\/www.karajatalo.fi\/#website","url":"https:\/\/www.karajatalo.fi\/","name":"K\u00e4r\u00e4j\u00e4talo","description":"K&auml;r&auml;j&auml;talo","publisher":{"@id":"https:\/\/www.karajatalo.fi\/#organization"},"potentialAction":[{"@type":"SearchAction","target":{"@type":"EntryPoint","urlTemplate":"https:\/\/www.karajatalo.fi\/?s={search_term_string}"},"query-input":{"@type":"PropertyValueSpecification","valueRequired":true,"valueName":"search_term_string"}}],"inLanguage":"en"},{"@type":"Organization","@id":"https:\/\/www.karajatalo.fi\/#organization","name":"K\u00e4r\u00e4j\u00e4talo","url":"https:\/\/www.karajatalo.fi\/","logo":{"@type":"ImageObject","inLanguage":"en","@id":"https:\/\/www.karajatalo.fi\/#\/schema\/logo\/image\/","url":"https:\/\/www.karajatalo.fi\/wp-content\/uploads\/2024\/09\/karajatalo_logo_beige.png","contentUrl":"https:\/\/www.karajatalo.fi\/wp-content\/uploads\/2024\/09\/karajatalo_logo_beige.png","width":750,"height":250,"caption":"K\u00e4r\u00e4j\u00e4talo"},"image":{"@id":"https:\/\/www.karajatalo.fi\/#\/schema\/logo\/image\/"}}]}},"_links":{"self":[{"href":"https:\/\/www.karajatalo.fi\/index.php\/wp-json\/wp\/v2\/pages\/17","targetHints":{"allow":["GET"]}}],"collection":[{"href":"https:\/\/www.karajatalo.fi\/index.php\/wp-json\/wp\/v2\/pages"}],"about":[{"href":"https:\/\/www.karajatalo.fi\/index.php\/wp-json\/wp\/v2\/types\/page"}],"author":[{"embeddable":true,"href":"https:\/\/www.karajatalo.fi\/index.php\/wp-json\/wp\/v2\/users\/1"}],"replies":[{"embeddable":true,"href":"https:\/\/www.karajatalo.fi\/index.php\/wp-json\/wp\/v2\/comments?post=17"}],"version-history":[{"count":88,"href":"https:\/\/www.karajatalo.fi\/index.php\/wp-json\/wp\/v2\/pages\/17\/revisions"}],"predecessor-version":[{"id":765,"href":"https:\/\/www.karajatalo.fi\/index.php\/wp-json\/wp\/v2\/pages\/17\/revisions\/765"}],"wp:attachment":[{"href":"https:\/\/www.karajatalo.fi\/index.php\/wp-json\/wp\/v2\/media?parent=17"}],"curies":[{"name":"wp","href":"https:\/\/api.w.org\/{rel}","templated":true}]}}